{"id":457,"date":"2026-02-20T11:26:32","date_gmt":"2026-02-20T10:26:32","guid":{"rendered":"https:\/\/sadreseda.fr\/?page_id=457"},"modified":"2026-02-20T16:45:01","modified_gmt":"2026-02-20T15:45:01","slug":"offre-ad","status":"publish","type":"page","link":"https:\/\/sadreseda.fr\/index.php\/offre-ad\/","title":{"rendered":"Offre AD"},"content":{"rendered":"\t\t<div data-elementor-type=\"wp-page\" data-elementor-id=\"457\" class=\"elementor elementor-457\" data-elementor-post-type=\"page\">\n\t\t\t\t<div class=\"elementor-element elementor-element-3818fff e-grid e-con-boxed e-con e-parent\" data-id=\"3818fff\" data-element_type=\"container\" data-e-type=\"container\">\n\t\t\t\t\t<div class=\"e-con-inner\">\n\t\t\t\t<div class=\"elementor-element elementor-element-5b8321f elementor-widget elementor-widget-heading\" data-id=\"5b8321f\" data-element_type=\"widget\" data-e-type=\"widget\" data-widget_type=\"heading.default\">\n\t\t\t\t<div class=\"elementor-widget-container\">\n\t\t\t\t\t<h1 class=\"elementor-heading-title elementor-size-default\">Aide \u00e0 domiclie CDD-145H<\/h1>\t\t\t\t<\/div>\n\t\t\t\t<\/div>\n\t\t\t\t<div class=\"elementor-element elementor-element-4f37307 elementor-widget elementor-widget-text-editor\" data-id=\"4f37307\" data-element_type=\"widget\" data-e-type=\"widget\" data-widget_type=\"text-editor.default\">\n\t\t\t\t<div class=\"elementor-widget-container\">\n\t\t\t\t\t\t\t\t\t<h2>Prise de poste d\u00e8s que possible<\/h2>\t\t\t\t\t\t\t\t<\/div>\n\t\t\t\t<\/div>\n\t\t\t\t\t<\/div>\n\t\t\t\t<\/div>\n\t\t<div class=\"elementor-element elementor-element-045ca93 e-grid e-con-boxed e-con e-parent\" data-id=\"045ca93\" data-element_type=\"container\" data-e-type=\"container\">\n\t\t\t\t\t<div class=\"e-con-inner\">\n\t\t\t\t<div class=\"elementor-element elementor-element-cdc285e elementor-widget-divider--view-line elementor-widget elementor-widget-divider\" data-id=\"cdc285e\" data-element_type=\"widget\" data-e-type=\"widget\" data-widget_type=\"divider.default\">\n\t\t\t\t<div class=\"elementor-widget-container\">\n\t\t\t\t\t\t\t<div class=\"elementor-divider\">\n\t\t\t<span class=\"elementor-divider-separator\">\n\t\t\t\t\t\t<\/span>\n\t\t<\/div>\n\t\t\t\t\t\t<\/div>\n\t\t\t\t<\/div>\n\t\t\t\t\t<\/div>\n\t\t\t\t<\/div>\n\t\t<div class=\"elementor-element elementor-element-de6e0c9 e-grid e-con-boxed e-con e-parent\" data-id=\"de6e0c9\" data-element_type=\"container\" data-e-type=\"container\">\n\t\t\t\t\t<div class=\"e-con-inner\">\n\t\t\t\t<div class=\"elementor-element elementor-element-7bba8f2 elementor-widget elementor-widget-text-editor\" data-id=\"7bba8f2\" data-element_type=\"widget\" data-e-type=\"widget\" data-widget_type=\"text-editor.default\">\n\t\t\t\t<div class=\"elementor-widget-container\">\n\t\t\t\t\t\t\t\t\t<p><strong>Le Service Autonomie \u00e0 Domicile R\u00e9s\u00e9da<\/strong> intervient sur 3 sites : Baixas, Perpignan et P\u00e9zilla-la-Rivi\u00e8re.<\/p><p>L&rsquo;aide \u00e0 domicile contribue au bien-\u00eatre des personnes au sein de leur foyer en respectant leur dignit\u00e9, leur int\u00e9grit\u00e9, leur vie priv\u00e9e et leur s\u00e9curit\u00e9. Il\/elle assure des activit\u00e9s domestiques et administratives simples aupr\u00e8s de personnes en capacit\u00e9 d\u2019exercer un contr\u00f4le et un suivi de celles-ci.<\/p><p>\u00a0<\/p><p><strong>L&rsquo;aide \u00e0 domicile :<\/strong><\/p><p>&#8211; accompagne les personnes fragilis\u00e9es dans les actes essentiels de la vie quotidienne : entretien du logement, courses, pr\u00e9paration des repas\u2026 ;<\/p><p>&#8211; aide pour les d\u00e9placements \u00e0 l&rsquo;int\u00e9rieur et \u00e0 l&rsquo;ext\u00e9rieur du logement de mani\u00e8re \u00e0 pr\u00e9server les relations et les activit\u00e9s sociales ;<\/p><p>&#8211; tient compte des attentes, des besoins et des consignes de la personne aid\u00e9e et de son entourage ;<\/p><p>&#8211; organise son travail de fa\u00e7on rationnelle et est r\u00e9actif (r\u00e9active) face aux changements, aux impr\u00e9vus et aux diff\u00e9rentes fa\u00e7ons de faire et d&rsquo;\u00eatre des personnes.<\/p><p>\u00a0<\/p><p><strong>Conditions d\u2019exercice :\u00a0<\/strong><\/p><p>Horaires de travail adapt\u00e9s aux besoins des b\u00e9n\u00e9ficiaires pouvant varier entre 7 et 19 h, y compris le week-end si besoin.<\/p><p>Convention Collective Nationale BAD, salaire indicatif 1993 \u20ac brut (base), reprise d\u2019anciennet\u00e9.<\/p><p>Travail collaboratif au sein d\u2019une \u00e9quipe dynamique, fonctionnant sur le mod\u00e8le d\u2019\u00e9quipe autonome (gestion des plannings par \u00e9quipe, avec supervision du cadre de secteur).<\/p><p>\u00a0<\/p><p><strong>Conditions d&rsquo;acc\u00e8s :<\/strong><\/p><p>Aucun dipl\u00f4me n\u2019est requis pour occuper cet emploi.<\/p><p>Vous devrez \u00eatre autonome dans vos d\u00e9placements : permis B et v\u00e9hicule indispensables.<\/p><p>\u00a0<\/p><p><strong>Savoir \u00eatre :<\/strong><\/p><p>\u00b7 Qualit\u00e9s d\u2019adaptation \u00e0 des situations diverses.<\/p><p>\u00b7 Posture et juste distance vis-\u00e0-vis de la personne aid\u00e9e.<\/p><p>\u00b7 Excellent relationnel avec les b\u00e9n\u00e9ficiaires, aidants naturels et professionnels.<\/p><p>\u00a0<\/p><p><strong>Savoir faire :<\/strong><\/p><p>\u00b7 Capacit\u00e9 d\u2019adaptation.<\/p><p>\u00b7 Sens de l\u2019organisation.<\/p><p>\u00b7 Comp\u00e9tences techniques pour l\u2019exercice des t\u00e2ches m\u00e9nag\u00e8res.<\/p><p>\u00a0<\/p><p><strong>Evolutions possibles :<\/strong><\/p><p>L\u2019agent \u00e0 domicile peut acqu\u00e9rir un dipl\u00f4me soit par le biais de la formation, soit par le biais de la Validation des Acquis de l\u2019Exp\u00e9rience (VAE) et devenir notamment employ\u00e9 \u00e0 domicile ou auxiliaire de vie sociale.<\/p>\t\t\t\t\t\t\t\t<\/div>\n\t\t\t\t<\/div>\n\t\t\t\t\t<\/div>\n\t\t\t\t<\/div>\n\t\t<div class=\"elementor-element elementor-element-a86619f e-flex e-con-boxed e-con e-parent\" data-id=\"a86619f\" data-element_type=\"container\" data-e-type=\"container\">\n\t\t\t\t\t<div class=\"e-con-inner\">\n\t\t\t\t<div class=\"elementor-element elementor-element-46c3067 elementor-widget elementor-widget-heading\" data-id=\"46c3067\" data-element_type=\"widget\" data-e-type=\"widget\" data-widget_type=\"heading.default\">\n\t\t\t\t<div class=\"elementor-widget-container\">\n\t\t\t\t\t<h2 class=\"elementor-heading-title elementor-size-default\">Pour postuler, envoyez-nous votre CV et une lettre de motivation :<\/h2>\t\t\t\t<\/div>\n\t\t\t\t<\/div>\n\t\t\t\t\t<\/div>\n\t\t\t\t<\/div>\n\t\t<div class=\"elementor-element elementor-element-1a47e52 e-grid e-con-boxed e-con e-parent\" data-id=\"1a47e52\" data-element_type=\"container\" data-e-type=\"container\">\n\t\t\t\t\t<div class=\"e-con-inner\">\n\t\t\t\t<div class=\"elementor-element elementor-element-7605a02 elementor-widget elementor-widget-text-editor\" data-id=\"7605a02\" data-element_type=\"widget\" data-e-type=\"widget\" data-widget_type=\"text-editor.default\">\n\t\t\t\t<div class=\"elementor-widget-container\">\n\t\t\t\t\t\t\t\t\t<h3>Par mail \u00e0 l&rsquo;adresse : <strong>reseda66@encat.fr<\/strong><\/h3><h3>Par courrier : <strong>SAD RESEDA &#8211; 2, rue de cosprons 66000 PERPIGNAN<\/strong><\/h3>\t\t\t\t\t\t\t\t<\/div>\n\t\t\t\t<\/div>\n\t\t\t\t\t<\/div>\n\t\t\t\t<\/div>\n\t\t\t\t<\/div>\n\t\t","protected":false},"excerpt":{"rendered":"<p>Aide \u00e0 domiclie CDD-145H Prise de poste d\u00e8s que possible Le Service Autonomie \u00e0 Domicile R\u00e9s\u00e9da intervient sur 3 sites : Baixas, Perpignan et P\u00e9zilla-la-Rivi\u00e8re. L&rsquo;aide \u00e0 domicile contribue au bien-\u00eatre des personnes au sein de leur foyer en respectant leur dignit\u00e9, leur int\u00e9grit\u00e9, leur vie priv\u00e9e et leur s\u00e9curit\u00e9. Il\/elle assure des activit\u00e9s domestiques [&hellip;]<\/p>\n","protected":false},"author":1,"featured_media":0,"parent":0,"menu_order":0,"comment_status":"closed","ping_status":"closed","template":"","meta":{"footnotes":""},"class_list":["post-457","page","type-page","status-publish","hentry","entry"],"_links":{"self":[{"href":"https:\/\/sadreseda.fr\/index.php\/wp-json\/wp\/v2\/pages\/457","targetHints":{"allow":["GET"]}}],"collection":[{"href":"https:\/\/sadreseda.fr\/index.php\/wp-json\/wp\/v2\/pages"}],"about":[{"href":"https:\/\/sadreseda.fr\/index.php\/wp-json\/wp\/v2\/types\/page"}],"author":[{"embeddable":true,"href":"https:\/\/sadreseda.fr\/index.php\/wp-json\/wp\/v2\/users\/1"}],"replies":[{"embeddable":true,"href":"https:\/\/sadreseda.fr\/index.php\/wp-json\/wp\/v2\/comments?post=457"}],"version-history":[{"count":8,"href":"https:\/\/sadreseda.fr\/index.php\/wp-json\/wp\/v2\/pages\/457\/revisions"}],"predecessor-version":[{"id":468,"href":"https:\/\/sadreseda.fr\/index.php\/wp-json\/wp\/v2\/pages\/457\/revisions\/468"}],"wp:attachment":[{"href":"https:\/\/sadreseda.fr\/index.php\/wp-json\/wp\/v2\/media?parent=457"}],"curies":[{"name":"wp","href":"https:\/\/api.w.org\/{rel}","templated":true}]}}